{"id":580,"date":"2015-01-04T21:52:20","date_gmt":"2015-01-04T20:52:20","guid":{"rendered":"http:\/\/www.bandasanfilep.com.mt\/TestSite\/?page_id=580"},"modified":"2025-07-14T16:20:36","modified_gmt":"2025-07-14T16:20:36","slug":"l-istorja-tal-banda-l-istorja-tal-banda-san-filep","status":"publish","type":"page","link":"https:\/\/bandasanfilep.com.mt\/index.php\/l-istorja-tal-banda-l-istorja-tal-banda-san-filep\/","title":{"rendered":"L-istorja tal-Banda San Filep"},"content":{"rendered":"<p><!--pixgridder:row[cols=1]--><!--pixgridder:column[col=1]--><\/p>\n<figure id=\"attachment_581\" aria-describedby=\"caption-attachment-581\" style=\"width: 300px\" class=\"wp-caption aligncenter\"><a href=\"https:\/\/bandasanfilep.com.mt\/wp-content\/uploads\/2015\/01\/BSF_with_old_uniform.jpg\"><img loading=\"lazy\" decoding=\"async\" class=\"wp-image-581 size-medium\" src=\"https:\/\/bandasanfilep.com.mt\/wp-content\/uploads\/2015\/01\/BSF_with_old_uniform-300x193.jpg\" alt=\"Il-Banda San Filep bl-uniformi ll-antika\" width=\"300\" height=\"193\" srcset=\"https:\/\/bandasanfilep.com.mt\/wp-content\/uploads\/2015\/01\/BSF_with_old_uniform-300x193.jpg 300w, https:\/\/bandasanfilep.com.mt\/wp-content\/uploads\/2015\/01\/BSF_with_old_uniform.jpg 480w\" sizes=\"auto, (max-width: 300px) 100vw, 300px\" \/><\/a><figcaption id=\"caption-attachment-581\" class=\"wp-caption-text\">Il-Banda San Filep bl-uniformi ll-antika<\/figcaption><\/figure>\n<p style=\"text-align: justify;\">L-okka\u017cjoni li \u0121ejna nikkommemoraw illejla hija storika g\u0127all-Banda San Filep u g\u0127al \u0126a\u017c-\u017bebbu\u0121, fejn twieldet, kibret u g\u0127exet. \u0120ejna biex ni\u010b\u010belebraw l-g\u0127eluq ta\u2019 mija u g\u0127axar snin minn meta l-banda \u0121iet imwaqqfa formalment bl-isem \u201cSan Filep\u201d ta\u0127t il-mag\u0127ruf surmast Filippo Galea.<\/p>\n<p style=\"text-align: justify;\">G\u0127andna biex nifir\u0127u bil-banda tag\u0127na li g\u0127at-travers l-istrumenti mu\u017cikali semmg\u0127et le\u0127inha fil-programmi li esegwiet f\u2019din l-istess pjazza, li b\u0127all-banda \u0127adet isimha mill-qaddis titulari tag\u0127na San Filep, fil-festi ta\u2019 dan il-qaddis u tal-Madonna tal-Karit\u00e0 li saru fis-sena 1851. I\u017c-\u017cmien li ilha ddoqq il-banda jag\u0127milha verament storika g\u0127aliex imur lura \u2019l bog\u0127od \u0127afna, aktar milli l-ixje\u0127 fostna jistg\u0127u jiftakru. Sa fejn hu mag\u0127ruf hija l-banda l-aktar antika fost il-baned li hawn f\u2019Malta, imkabbra imma denja tat-titlu ta\u2019 banda EWLENIJA.<\/p>\n<p style=\"text-align: justify;\">It-tradizzjoni \u0121o \u0126a\u017c-\u017bebbu\u0121 dejjem \u017cammet illi l-Banda San Filep hija l-aktar antika ta\u2019 Malta u a\u0127na organizzajna din i\u010b-\u010belebrazzjoni wara li tkellimna max-xju\u0127 tar-ra\u0127al li wasslulna l-\u0121rajja tal-banda fi \u017cminijiethom u kif saru jafuha ming\u0127and missirijiethom u ming\u0127and in-nanniet tag\u0127hom li kienu jappartjenu lil din is-so\u010bjet\u00e0 mu\u017cikali, fosthom il-pijunjieri qalbiena. I\u017cda kien i\u017c-\u017celu tal-promoturi ta\u2019 din i\u010b-\u010berimonja u l-kollaboraturi spontanji li \u0121ol-kwadru ta\u2019 tradizzjoni bl-g\u0127eruq imqabbdin \u0121ol-img\u0127oddi, fittxew bis-serjet\u00e0 li jintra\u010b\u010baw l-ori\u0121ini l-aktar \u2019il bog\u0127od tal-banda. U r-ri\u017cultat huwa \u010b-\u010berimonja tal-lejla.<\/p>\n<figure id=\"attachment_582\" aria-describedby=\"caption-attachment-582\" style=\"width: 195px\" class=\"wp-caption alignleft\"><a href=\"https:\/\/bandasanfilep.com.mt\/wp-content\/uploads\/2015\/01\/Hlas_-lil_Babda_fil-festa_ta_SF_1856_1861.jpg\"><img loading=\"lazy\" decoding=\"async\" class=\"wp-image-582\" src=\"http:\/\/www.bandasanfilep.com.mt\/wp-content\/uploads\/2015\/01\/Hlas_-lil_Babda_fil-festa_ta_SF_1856_1861-300x289.jpg\" alt=\"\u0126las lil Babda fil-festa ta' San Filep\" width=\"195\" height=\"199\"><\/a><figcaption id=\"caption-attachment-582\" class=\"wp-caption-text\">\u0126las lil Babda fil-festa ta&#8217; San Filep<\/figcaption><\/figure>\n<p style=\"text-align: justify;\">Dak li konna nafuh bil-fomm sibnieh miktub f\u2019dokument ori\u0121inali u awtentiku:1 il-Banda San Filep wettqet programmi mu\u017cikali \u0121o din l-istess pjazza fis-sena 1851. Wie\u0127ed ma jistax ma josservax illi qabel twettaq programm, banda trid i\u017c-\u017cmien g\u0127all-formazzjoni tal-mu\u017cikanti u l-preparazzjoni bil-kun\u010berti, u jkun \u0121ust li wie\u0127ed ja\u0127seb li l-banda kienet organizzata sa minn qabel l-1851.<\/p>\n<p style=\"text-align: justify;\">\u2019Il bog\u0127od mill-konsolidazzjoni tal-lum meta l-banda g\u0127andha s-sede permanenti tag\u0127ha, il-ka\u017cin li j\u0127addan mijiet ta\u2019 membri u huwa l-akbar so\u010bjet\u00e0 \u010bivika ta\u2019 \u0126a\u017c-\u017bebbu\u0121, fil-bidu tag\u0127ha kienet immexxija minn g\u0127add \u017cg\u0127ir ta\u2019 \u010bittadini li mfawrin bi\u017c-\u017celu g\u0127all-arti u l-kultura mu\u017cikali u g\u0127all-festa tal-qaddis patrun ta\u2019 pajji\u017chom, bi spirtu li j\u0121iblek g\u0127ira, kienu b\u2019sagrifi\u010b\u010bju jie\u0127du \u0127sieb jg\u0127allmu l-mu\u017cika u l-istrumenti u jissussidjaw il-banda.<\/p>\n<p style=\"text-align: justify;\">Il-\u0121rajja tal-banda hija mag\u0127\u0121una mal-\u0121rajja ta\u2019 \u0126a\u017c-\u017bebbu\u0121, fejn twieldet, kibret u g\u0127exet u wie\u0127ed irid jaraha fuq l-isfond tal-progress ta\u2019 dan il-qasam tas-so\u010bjet\u00e0 Maltija. G\u0127al nofs is-seklu dsatax \u0126a\u017c-\u017bebbu\u0121 kien \u010bentru tal-arti, tal-industrija u l-kummer\u010b. In-negozju tal-qoton kien fl-aqwa tieg\u0127u, ir-ra\u0127al kien mi\u017cg\u0127ud bl-inwiel g\u0127all-insi\u0121 tal-qoton, u dan kien \u0121ab mieg\u0127u \u0121id u g\u0127ana.<\/p>\n<p style=\"text-align: justify;\">Kien g\u0127alhekk li dak i\u017c-\u017cmien da\u0127al il-\u0127sieb li ssir l-istatwa tal-fidda ta\u2019 San Filep ta\u2019 A\u0121\u0121ira, Patrun tal-Parro\u010b\u010ba, lussu li l-qag\u0127da ta\u2019 prosperit\u00e0 ta\u010b-\u010bittadini kienet tippermetti. Il-konkorrenza ma setg\u0127etx ma tkunx kbira u \u0121eneru\u017ca, u l-vara tal-fidda tal-Iskultur Luigi Fontana waslet hawn f\u2019Lulju tas-sena 1863.<\/p>\n<p style=\"text-align: justify;\">Dak i\u017c-\u017cmien in-nies tar-ra\u0127al kienu mog\u0127tija g\u0127all-istudju, l-aktar imxerred dak tal-mu\u017cika. Tant hu hekk li nsibu li \u0126a\u017c-\u017bebbu\u0121 ta lil pajji\u017cu nies kbar fil-qasam tal-istudji, l-arti u l- patrijotti\u017cmu, fosthom ta\u2019 kura\u0121\u0121 nobbli Dun Mikiel Xerri, l-ewwel u akbar eroj fi \u017cmien il-Fran\u010bi\u017ci, u Professur tat-Teolo\u0121ija fl-Universit\u00e0, il-Pittur Lazzaro Pisani, l-Im\u0127allef Dott. Giovanni Pullicino, l-Iskultur Antonio Sciortino, Professur tal-Accademia delle Arti ta\u2019 Ruma, il-mag\u0127ruf Professur Patri Daniel Callus O.P. tal-Universit\u00e0 Ingli\u017ca ta\u2019 Oxford u fi \u017cminijiet aktar qrib, il-Wisq Reverendu Monsinjur Carmelo Psaila, il-poeta par excellence Malti li minn qalbu nise\u0121 l-Innu Malti f\u2019versi ta\u2019 \u0127lewwa u qawwija aktar mill-bron\u017c.<\/p>\n<p style=\"text-align: justify;\">Fost l-antiki ma nistg\u0127ux ma nsemmux lill-mag\u0127ruf Surmast Filippo Galea li mexxa l-banda g\u0127al g\u0127axar snin, mill-1851 sal-1860.2 Sa minn qabel l-1851 \u0121o \u0126a\u017c-\u017bebbu\u0121 kien hawn \u0127erqa kbira g\u0127at-tag\u0127lim tal-mu\u017cika u Filippo Galea jisboq lil kul\u0127add f\u2019din l-arti.<\/p>\n<figure id=\"attachment_583\" aria-describedby=\"caption-attachment-583\" style=\"width: 219px\" class=\"wp-caption alignright\"><a href=\"https:\/\/bandasanfilep.com.mt\/wp-content\/uploads\/2015\/01\/Filippo_Galea.jpg\"><img loading=\"lazy\" decoding=\"async\" class=\"wp-image-583 size-medium\" src=\"https:\/\/bandasanfilep.com.mt\/wp-content\/uploads\/2015\/01\/Filippo_Galea-190x300.jpg\" alt=\"Filippo Galea 1851 - 1860\" width=\"219\" height=\"300\"><\/a><figcaption id=\"caption-attachment-583\" class=\"wp-caption-text\">Il-Filippo Galea 1851 &#8211; 1860<\/figcaption><\/figure>\n<p style=\"text-align: justify;\">Minn idejn Filippo Galea, il-Banda San Filep g\u0127addiet ta\u0127t it-tmexxija tas-Surmast Andrea Borg, mag\u0127ruf b\u0127ala \u201cMastru Indr\u00ec,\u201d fl-1860, u baqg\u0127et ta\u0127t it-tmexxija tieg\u0127u sal-1868,3 surmast li fl-ewwel programm mu\u017cikali tieg\u0127u \u0127are\u0121 innu bil-galopp li qajjem lir-ra\u0127al. G\u0127alkemm kien tilef id-dawl minn \u010bkunitu, mhux biss tg\u0127allem il-mu\u017cika u kien idoqq il-klarinett, imma kien jg\u0127allimha u jiddettaha. In-nuqqas tad-dawl tieg\u0127u kien jag\u0127mel tajjeb g\u0127alih bl-udit u l-memorja tal-g\u0127a\u0121eb li kellu. Andrea Borg kellu \u0127afna b\u010bejje\u010b ta\u2019 mu\u017cika msawrin minnu stess, fosthom innijiet lill-qaddisin, u fl-1863, g\u0127all-okka\u017cjoni tal-wasla mill-Italja tal-vara tal-fidda tal-Patrun tal-Parro\u010b\u010ba \u0127are\u0121 innu tieg\u0127u lil San Filep li l-Banda damet iddoqq g\u0127al \u017cmien twil. Mill-Parro\u010b\u010ba ta\u2019 San Duminku tal-Belt, u ta\u2019 partitarju tal-festa tal-Parro\u010b\u010ba tieg\u0127u, huwa \u0127a l-Banda ddoqq fil-festa ta\u2019 San Duminku, fejn baqg\u0127et tmur iddoqq g\u0127al bosta snin.<\/p>\n<p style=\"text-align: justify;\">Wara Andrea Borg il-Banda g\u0127addiet ta\u0127t ibnu, is-Surmast \u0120u\u017c\u00e8 Borg, mill-Belt, li kien l-ewwel surmast ta\u017c-\u017cew\u0121 baned tal-Belt u tal-Furjana, li llum i\u0121ibu l-isem ta\u2019 Banda King\u2019s Own u Banda Vilhena. Warajh la\u0127aq is-Surmast Gioacchino Galea, \u017bebbu\u0121i wkoll, mill-istess familja tal-fundatur tal-Banda San Filep Filippo Galea, klarinettista u ferm ener\u0121etiku li ta spinta kbira lill-banda. Ritratt tal-banda fi \u017cmien Gioacchino Galea jixhed l-organizzazzjoni tieg\u0127u b\u2019banda mimlija. Is-Sa\u010berdot Salvatore Ciappara, il-kittieb ta\u2019 Storia del Zebbug (1882, fa\u010b\u010b. 94), jg\u0127idilna dwar il-banda ta\u2019 \u017cmien Andrea Borg \u201cIllum l-iskulari antiki saru surmastrijiet jg\u0127allmu lill-aljievi.\u201d<\/p>\n<p style=\"text-align: justify;\">Il-bandisti ta\u2019 dak i\u017c-\u017cmien allura m\u2019g\u0127adhomx je\u017cistu, imma s-Sur Paolo Chircop li kien tifel kantant u jidher fit-tarf tar-ritratt g\u0127adu fostna u jiftakar tajjeb l-okka\u017cjoni tar-ritratt, lill-bandisti, lil Gavino Naudi, il-President tal-Casino S. Filippo u lil Carmelo Zammit, il-President tas-Societ\u00e0 Filarmonica S. Filippo u jg\u0127idilna li l-banda allura kienet fil-furja tag\u0127ha.<\/p>\n<p style=\"text-align: justify;\">Carmelo Zammit kien jiffinanzja l-banda u jlaqqag\u0127ha fid-dar tieg\u0127u g\u0127all-kun\u010berti qabel ma dik is-so\u010bjet\u00e0 fl-1890, sabet anki l-g\u0127ajnuna id f\u2019id tal-Casino S. Filippo, u din l-g\u0127aqda kulturali hija l-lum il-Ka\u017cin tal-Banda San Filep. Fl-1893, is-surmast \u017cag\u0127\u017cug\u0127 Salvatore Mallia, mis-Si\u0121\u0121iewi, li kien Bandmaster militari, \u0127a t-tmexxija tal-banda. Dik is-sena l-kleru u l-poplu tas-Si\u0121\u0121iewi, immexxi (\u2018opitulante\u2019) mis-Sa\u010berdot Paolo Laferla g\u0127amel \u010berimonja fuq Tal-G\u0127olja biex ifakkar it-tqeg\u0127id mill-\u0121did tas-Salib li kien sar tliet snin qabel bil-barka tal-Papa Ljun XIII. Salvatore Mallia g\u0127aqqad il-banda ta\u2019 pajji\u017cu u tag\u0127na flimkien biex wettaq programm mu\u017cikali fuq Tal-G\u0127olja, f\u2019dik i\u010b-\u010berimonja li g\u0127adha mfakkra b\u2019lapida tal-ir\u0127am fuq il-pedestall tas-Salib, li l-qilla tat-temp matul is-snin ma \u0127allewhx fuq dik il-qu\u010b\u010bata. (G\u0127alkemm fis-snin ta\u2019 wara dan is-Salib re\u0121a\u2019 \u0121ie mqieg\u0127ed fejn kien qabel u g\u0127adu hemm sal-lum).<\/p>\n<figure id=\"attachment_584\" aria-describedby=\"caption-attachment-584\" style=\"width: 199px\" class=\"wp-caption alignleft\"><a href=\"https:\/\/bandasanfilep.com.mt\/wp-content\/uploads\/2015\/01\/IndriBorg.jpg\"><img loading=\"lazy\" decoding=\"async\" class=\"wp-image-584 size-medium\" src=\"https:\/\/bandasanfilep.com.mt\/wp-content\/uploads\/2015\/01\/IndriBorg-199x300.jpg\" alt=\"Indri Borg 1860 - 1868\" width=\"199\" height=\"300\" srcset=\"https:\/\/bandasanfilep.com.mt\/wp-content\/uploads\/2015\/01\/IndriBorg-199x300.jpg 199w, https:\/\/bandasanfilep.com.mt\/wp-content\/uploads\/2015\/01\/IndriBorg.jpg 485w\" sizes=\"auto, (max-width: 199px) 100vw, 199px\" \/><\/a><figcaption id=\"caption-attachment-584\" class=\"wp-caption-text\">Indri Borg 1860 &#8211; 1868<\/figcaption><\/figure>\n<p style=\"text-align: justify;\">Fl-1899, \u0127a l-banda f\u2019idejh is-Surmast Alessandro Agius mir-Rabat, li kien mag\u0127ruf b\u0127ala \u201cIl-Profan,\u201d na\u0127sbu a\u0127na, min\u0127abba li kien iben is-Surmast Epifanio Agius, Direttur tal-Banda Konti Ru\u0121\u0121ieru. Fl-1903, is-Surmast Spiridione Zammit mexxa l-banda g\u0127al \u017cmien qasir u ma tantx kien popolari mal-bandisti u x-xju\u0127 jiftakruh b\u0127ala s-surmast li kellu g\u0127ajn tal-\u0127\u0121ie\u0121. Fl-istess sena re\u0121a\u2019 \u0127a f\u2019idejh il-banda g\u0127al ftit ta\u017c-\u017cmien is-Surmast Salvatore Mallia.<\/p>\n<p style=\"text-align: justify;\">Fl-1904 beda jidderi\u0121i s-Surmast Angelo Melilli. Ta\u0127t dan is-surmast il-banda rat tibdil g\u0127all-a\u0127jar kemm fin-numru tal-bandisti u kemm fit-tjubija tal-mu\u017cika. Angelo Melilli g\u0127adu u jibqa\u2019 mfakkar b\u0127ala s-surmast ferm kapa\u010bi li ta\u0127tu l-banda g\u0127addiet \u017cmien mill-aktar brillanti. Tant kien namru\u017c lejn il-banda li \u0127alla d-dar tieg\u0127u \u0121o Bormla u \u0121ie joqg\u0127od fir-ra\u0127al, f\u2019dar li kien ipprovdielu l-Ka\u017cin Banda San Filep stess. Kompo\u017citur prolifiku li \u0127allielna \u0127afna xog\u0127ol mu\u017cikali, fosthom insemmu l-famu\u017ci mar\u010bi funebri li nifta\u0127ru bihom, l-Inno a S. Filippo (miktub fi Frar tal- 1906) u Omaggio a S. Filippo, bil-vu\u010bijiet (miktub f\u2019April tal-1911, b\u2019lirika tal-Poeta Nazzjonali u \u017bebbu\u0121i Dun Karm Psaila), li se jkollna x-xorti nisimg\u0127u llejla, u aktar milli bil-kliem inkunu nistg\u0127u napprezzaw il-\u0127ila u l-kobor tal-awtur. Angelo Melilli \u0127abbat sal-1911 u miet sentejn wara f\u2019Tune\u017c.<\/p>\n<p style=\"text-align: justify;\">Is-Surmast Alfred P. Hare, mill-Belt, li \u0127a l-banda f\u2019idejh warajh u li \u0127afna g\u0127adhom jiftakruh mal-banda, kien ra\u0121el wieqaf u ta\u2019 karattru li juri d-dixxendenza Ingli\u017ca tieg\u0127u u l-arja tieg\u0127u ta\u2019 Bandmaster militari. Kien ukoll direttur tal-baned King\u2019s Own u Vilhena fl-istess \u017cmien. Fi \u017cmienu l-banda kellha wkoll lis-Surmast Carmelo Camilleri mir-Rabat, li kkun\u010berta u \u0127abbat programm li l-banda g\u0127amlet nhar San \u0120u\u017cepp tar-Rabat. Fl-1918, min\u0127abba ra\u0121unijiet ta\u2019 sa\u0127\u0127a ta\u2019 Alfred Hare, ikkun\u010berta u \u0127abbat ukoll is-Surmast Michele Gatt, \u0127u s-Surmast tal-lum.<\/p>\n<p style=\"text-align: justify;\">Meta Hare rtira fl-1919, kompla floku s-Surmast Orlando Crescimanno, li \u0127allielna Inno a S. Filippo, li wkoll g\u0127andu lirika tal-Poeta Nazzjonali u \u017bebbu\u0121i Dun Karm Psaila, President Onorarju tal-Ka\u017cin Banda San Filep. Fl-1920 u l-1921, il-banda re\u0121g\u0127et g\u0127addiet f\u2019idejn is-Surmast l-antik Salvatore Mallia. Fl-istess sena beda j\u0127abbat is-Surmast tal-lum Adeodato Gatt, b\u0127ala Assistent Surmast Direttur, u s-sena ta\u2019 wara \u0127a l-banda f\u2019idejh.<\/p>\n<p style=\"text-align: justify;\">M\u2019hemmx g\u0127alfejn ng\u0127idilkom min hu u xi jsarraf Adeodato Gatt, awtur ta\u2019 bosta xog\u0127lijiet mu\u017cikali varjati, fosthom mar\u010bi mill-aktar briju\u017ci u popolari li ta lill-banda fi\u017c-\u017cmien ta\u2019 erbg\u0127in sena li ilu surmast tag\u0127ha, \u017cmien twil bi\u017c\u017cejjed biex jista\u2019 jifta\u0127ar, u a\u0127na nawgurawlu li jkompli g\u0127all-\u0121ejjieni. Maestro Gatt jinsab assistit minn ibnu, is-Surmast Philip Gatt, Bandmaster tar-Royal Air Force.<\/p>\n<p style=\"text-align: justify;\">Xhieda tal-progress kbir u tal-popolarit\u00e0 tal-banda fi\u017c-\u017cmien antik huwa l-palk li kien sar meta kien prokuratur tal-Festa ta\u2019 San Filep is-Sa\u010berdot Tommaso Debono, li tliet snin o\u0127ra jkun serva lill-banda g\u0127al mitt sena. Bi\u010b\u010ba xog\u0127ol tal-injam artistika, dan il-palk, g\u0127axar snin4 wara li sar, \u0121ie mi\u017cjud u msebba\u0127 bi statwa tal-Gran Mastru Manoel Marie de Rohan li ta ismu lir-ra\u0127al Citt\u00e0 Rohan.<\/p>\n<p style=\"text-align: justify;\">L-attivit\u00e0 tal-banda fil-\u0121rajja tag\u0127ha kienet varjata. Barra l-programm e\u010b\u010bezzjonali li semmejna di\u0121\u00e0, il-banda \u0127adet sehem fil-festi li saru lil Prince of Wales g\u0127all-bidu tas-seklu g\u0127oxrin, fil-festa tal-mi\u0121ja tar-Re\u0121ina Eli\u017cabetta II, fi\u010b-\u010bentinarju Pawlin, biex ma nsemmux programmi mxerrdin ma\u2019 Malta kollha.<\/p>\n<figure id=\"attachment_585\" aria-describedby=\"caption-attachment-585\" style=\"width: 219px\" class=\"wp-caption alignright\"><a href=\"https:\/\/bandasanfilep.com.mt\/wp-content\/uploads\/2015\/01\/BSF_in-GF-procession_1929.jpg\"><img loading=\"lazy\" decoding=\"async\" class=\"wp-image-585 size-medium\" src=\"https:\/\/bandasanfilep.com.mt\/wp-content\/uploads\/2015\/01\/BSF_in-GF-procession_1929-219x300.jpg\" alt=\"Il-Banda San Filep fil-pur\u010bissjoni tal-\u0120img\u0127a Mqaddsa tal-1929\" width=\"219\" height=\"300\" srcset=\"https:\/\/bandasanfilep.com.mt\/wp-content\/uploads\/2015\/01\/BSF_in-GF-procession_1929-219x300.jpg 219w, https:\/\/bandasanfilep.com.mt\/wp-content\/uploads\/2015\/01\/BSF_in-GF-procession_1929.jpg 507w\" sizes=\"auto, (max-width: 219px) 100vw, 219px\" \/><\/a><figcaption id=\"caption-attachment-585\" class=\"wp-caption-text\">Il-Banda San Filep fil-pur\u010bissjoni tal-\u0120img\u0127a Mqaddsa tal-1929<\/figcaption><\/figure>\n<p style=\"text-align: justify;\">Fl-1937, il-Ka\u017cin tal-Banda San Filep organizza \u010berimonja b\u2019tifkira tal-patrijott Dun Mikiel Xerri u \u0121iet mikxufa lapida kommemorattiva fil-fa\u010b\u010bata tad-dar fejn kien joqg\u0127od fit-triq li \u0121\u0121ib ismu. Tmien snin wara l-ka\u017cin organizza \u010berimonja lill-E.T. Field Marshall Lord Gort, Gvernatur u Kap Kmandant fl-Assedju tal-1942, fejn \u0121iet ippre\u017centata lilu Sword of Honour li kellhom sehem fiha l-baned ta\u2019 Malta u G\u0127awdex.<\/p>\n<p style=\"text-align: justify;\">\u0126ames snin wara, f\u2019g\u0127eluq il-mitt sena mill-mewt ta\u2019 Mons. Francesco Saverio Caruana, Isqof ta\u2019 Malta, il-ka\u017cin organizza \u010berimonja o\u0127ra kommemorattiva. Dawn i\u017c-\u017cew\u0121 okka\u017cjonijiet jinsabu mfakkrin bil-lapidi tal-ir\u0127am fuq il-fa\u010b\u010bata tal-ka\u017cin. Fit-tliet okka\u017cjonijiet distinti u stori\u010bi \u0127adet sehem il-banda.<\/p>\n<p style=\"text-align: justify;\">Qabel nag\u0127laq irrid infakkar fil-bosta bandisti tal-img\u0127oddi li bil-g\u0127aqal, bil-\u0127idma u bl-im\u0127abba g\u0127all-arti mu\u017cikali kienu l-persuna\u0121\u0121i li nis\u0121u din il-\u0121rajja tal-banda, u fil-bandisti tal-lum, li qeg\u0127din hawn mag\u0127na biex iferr\u0127una fil-festa ta\u2019 llejla, xejn inqas g\u0127aqlin, \u0127abrieka u mog\u0127tija g\u0127all-arti mu\u017cikali minn ta\u2019 qabilhom, u dawn g\u0127andhom g\u0127ax ikunu tassew kburin li qeg\u0127din ikomplu s-sensiela bla heda ta\u2019 programmi mu\u017cikali artisti\u010bi mifruxa matul il-mija u g\u0127axar snin li ilha mimlija bil-\u0127ajja l-Banda San Filep.<\/p>\n<p style=\"text-align: right;\">Kitba ta&#8217; Dr. Joseph G. Borg \u00a9<br \/>\nEx. President tal-G\u0127aqda Ka\u017cin Banda San Filep<\/p>\n<p><!--\/pixgridder:column[col=1]--><!--\/pixgridder:row[cols=1]--><\/p>\n","protected":false},"excerpt":{"rendered":"<p>L-okka\u017cjoni li \u0121ejna nikkommemoraw illejla hija storika g\u0127all-Banda San Filep u g\u0127al \u0126a\u017c-\u017bebbu\u0121, fejn twieldet, kibret u g\u0127exet. \u0120ejna biex ni\u010b\u010belebraw l-g\u0127eluq ta\u2019 mija u g\u0127axar snin minn meta l-banda \u0121iet imwaqqfa formalment bl-isem \u201cSan Filep\u201d ta\u0127t il-mag\u0127ruf surmast Filippo Galea. G\u0127andna biex nifir\u0127u bil-banda tag\u0127na li g\u0127at-travers l-istrumenti mu\u017cikali semmg\u0127et le\u0127inha fil-programmi li esegwiet [&hellip;]<\/p>\n","protected":false},"author":1,"featured_media":0,"parent":0,"menu_order":0,"comment_status":"closed","ping_status":"closed","template":"page-templates\/page-sidebar-none.php","meta":{"footnotes":""},"class_list":["post-580","page","type-page","status-publish","hentry"],"_links":{"self":[{"href":"https:\/\/bandasanfilep.com.mt\/index.php\/wp-json\/wp\/v2\/pages\/580","targetHints":{"allow":["GET"]}}],"collection":[{"href":"https:\/\/bandasanfilep.com.mt\/index.php\/wp-json\/wp\/v2\/pages"}],"about":[{"href":"https:\/\/bandasanfilep.com.mt\/index.php\/wp-json\/wp\/v2\/types\/page"}],"author":[{"embeddable":true,"href":"https:\/\/bandasanfilep.com.mt\/index.php\/wp-json\/wp\/v2\/users\/1"}],"replies":[{"embeddable":true,"href":"https:\/\/bandasanfilep.com.mt\/index.php\/wp-json\/wp\/v2\/comments?post=580"}],"version-history":[{"count":4,"href":"https:\/\/bandasanfilep.com.mt\/index.php\/wp-json\/wp\/v2\/pages\/580\/revisions"}],"predecessor-version":[{"id":6033,"href":"https:\/\/bandasanfilep.com.mt\/index.php\/wp-json\/wp\/v2\/pages\/580\/revisions\/6033"}],"wp:attachment":[{"href":"https:\/\/bandasanfilep.com.mt\/index.php\/wp-json\/wp\/v2\/media?parent=580"}],"curies":[{"name":"wp","href":"https:\/\/api.w.org\/{rel}","templated":true}]}}